{"id":229,"date":"2023-04-19T13:49:30","date_gmt":"2023-04-19T11:49:30","guid":{"rendered":"https:\/\/gfima.es\/?page_id=229"},"modified":"2026-04-28T11:35:11","modified_gmt":"2026-04-28T09:35:11","slug":"propiedades-alquiler","status":"publish","type":"page","link":"https:\/\/www.gfima.es\/?page_id=229","title":{"rendered":"Propiedades en alquiler"},"content":{"rendered":"\t\t<div data-elementor-type=\"wp-page\" data-elementor-id=\"229\" class=\"elementor elementor-229\" data-elementor-post-type=\"page\">\n\t\t\t\t<div class=\"elementor-element elementor-element-24e00fa e-con-full e-flex e-con e-parent\" data-id=\"24e00fa\" data-element_type=\"container\" data-e-type=\"container\" data-settings=\"{&quot;background_background&quot;:&quot;classic&quot;}\">\n\t\t<div class=\"elementor-element elementor-element-5805a55 e-con-full e-flex e-con e-child\" data-id=\"5805a55\" data-element_type=\"container\" data-e-type=\"container\">\n\t\t\t\t<div class=\"elementor-element elementor-element-954343d elementor-widget elementor-widget-heading\" data-id=\"954343d\" data-element_type=\"widget\" data-e-type=\"widget\" data-widget_type=\"heading.default\">\n\t\t\t\t<div class=\"elementor-widget-container\">\n\t\t\t\t\t<h2 class=\"elementor-heading-title elementor-size-default\">Tu tranquilidad y rentabilidad est\u00e1n seguras en nuestras manos<\/h2>\t\t\t\t<\/div>\n\t\t\t\t<\/div>\n\t\t\t\t<\/div>\n\t\t<div class=\"elementor-element elementor-element-264b99d e-con-full e-flex e-con e-child\" data-id=\"264b99d\" data-element_type=\"container\" data-e-type=\"container\" data-settings=\"{&quot;background_background&quot;:&quot;classic&quot;}\">\n\t\t\t\t<div class=\"elementor-element elementor-element-b23bdc0 elementor-widget elementor-widget-spacer\" data-id=\"b23bdc0\" data-element_type=\"widget\" data-e-type=\"widget\" data-widget_type=\"spacer.default\">\n\t\t\t\t<div class=\"elementor-widget-container\">\n\t\t\t\t\t\t\t<div class=\"elementor-spacer\">\n\t\t\t<div class=\"elementor-spacer-inner\"><\/div>\n\t\t<\/div>\n\t\t\t\t\t\t<\/div>\n\t\t\t\t<\/div>\n\t\t\t\t<\/div>\n\t\t\t\t<\/div>\n\t\t<div class=\"elementor-element elementor-element-608cc6b e-flex e-con-boxed e-con e-parent\" data-id=\"608cc6b\" data-element_type=\"container\" data-e-type=\"container\">\n\t\t\t\t\t<div class=\"e-con-inner\">\n\t\t<div class=\"elementor-element elementor-element-d3bedbb e-con-full e-flex e-con e-child\" data-id=\"d3bedbb\" data-element_type=\"container\" data-e-type=\"container\">\n\t\t\t\t<div class=\"elementor-element elementor-element-700fc78 elementor-widget elementor-widget-text-editor\" data-id=\"700fc78\" data-element_type=\"widget\" data-e-type=\"widget\" data-widget_type=\"text-editor.default\">\n\t\t\t\t<div class=\"elementor-widget-container\">\n\t\t\t\t\t\t\t\t\t<p class=\"font-claude-response-body break-words whitespace-normal leading-[1.7]\">En <strong>Gfima<\/strong> ofrecemos un servicio integral de alquiler en Ciudad Real, Tomelloso y toda la provincia. Conectamos a propietarios con inquilinos solventes y nos ocupamos de toda la gesti\u00f3n del arrendamiento, desde la valoraci\u00f3n inicial hasta la firma del contrato y el seguimiento mensual.<\/p><p class=\"font-claude-response-body break-words whitespace-normal leading-[1.7]\"><strong>Si buscas vivienda en alquiler<\/strong>, encontrar\u00e1s a continuaci\u00f3n nuestra cartera actualizada con propiedades en m\u00e1s de 30 localidades de Ciudad Real. Filtra por zona, tipo de inmueble o precio para encontrar la que mejor se adapta a ti.<\/p><p class=\"font-claude-response-body break-words whitespace-normal leading-[1.7]\"><strong>Si eres propietario<\/strong> y quieres alquilar tu vivienda con la tranquilidad de un servicio profesional, <a class=\"underline underline underline-offset-2 decoration-1 decoration-current\/40 hover:decoration-current focus:decoration-current\" href=\"https:\/\/www.gfima.es\/contacto\/\">contacta con nosotros<\/a> y te asesoramos sin compromiso. Nos encargamos de todo: tasaci\u00f3n de la renta de mercado, b\u00fasqueda de inquilino, redacci\u00f3n del contrato, gesti\u00f3n de cobros e incidencias y, si lo necesitas, contrataci\u00f3n de un seguro de impago de alquileres.<\/p>\t\t\t\t\t\t\t\t<\/div>\n\t\t\t\t<\/div>\n\t\t\t\t<\/div>\n\t\t\t\t\t<\/div>\n\t\t\t\t<\/div>\n\t\t<div class=\"elementor-element elementor-element-ef828ba e-flex e-con-boxed e-con e-parent\" data-id=\"ef828ba\" data-element_type=\"container\" data-e-type=\"container\">\n\t\t\t\t\t<div class=\"e-con-inner\">\n\t\t\t\t<div class=\"elementor-element elementor-element-01ac51d elementor-widget elementor-widget-html\" data-id=\"01ac51d\" data-element_type=\"widget\" data-e-type=\"widget\" data-widget_type=\"html.default\">\n\t\t\t\t<div class=\"elementor-widget-container\">\n\t\t\t\t\t<!-- =====================================================\r\n     BANNER GFIMA - Calculadora IPC\r\n     Pegar este bloque en un widget \"HTML\" de Elementor\r\n     o en un bloque \"HTML personalizado\" de Gutenberg\r\n     ===================================================== -->\r\n\r\n<style>\r\n  .gfima-banner-ipc {\r\n    background: #1a3a5c;\r\n    border-radius: 10px;\r\n    padding: 32px 36px;\r\n    color: white;\r\n    display: grid;\r\n    grid-template-columns: 1fr auto;\r\n    gap: 28px;\r\n    align-items: center;\r\n    max-width: 1100px;\r\n    margin: 32px auto;\r\n    font-family: -apple-system, BlinkMacSystemFont, \"Segoe UI\", Roboto, \"Helvetica Neue\", Arial, sans-serif;\r\n    box-shadow: 0 4px 18px rgba(26, 58, 92, 0.18);\r\n  }\r\n  .gfima-banner-ipc * {\r\n    box-sizing: border-box;\r\n  }\r\n  .gfima-banner-ipc-pill {\r\n    display: inline-block;\r\n    background: #c4452d;\r\n    color: white;\r\n    font-size: 11px;\r\n    font-weight: 600;\r\n    padding: 4px 12px;\r\n    border-radius: 100px;\r\n    letter-spacing: 0.06em;\r\n    text-transform: uppercase;\r\n    margin-bottom: 14px;\r\n  }\r\n  .gfima-banner-ipc h3 {\r\n    font-size: 24px;\r\n    font-weight: 700;\r\n    margin: 0 0 10px 0;\r\n    color: white !important;\r\n    line-height: 1.25;\r\n  }\r\n  .gfima-banner-ipc p {\r\n    font-size: 15px;\r\n    margin: 0;\r\n    color: rgba(255, 255, 255, 0.9);\r\n    line-height: 1.55;\r\n  }\r\n  .gfima-banner-ipc-cta {\r\n    background: white;\r\n    color: #1a3a5c !important;\r\n    padding: 15px 26px;\r\n    border-radius: 6px;\r\n    font-weight: 600;\r\n    font-size: 15px;\r\n    text-decoration: none !important;\r\n    white-space: nowrap;\r\n    display: inline-flex;\r\n    align-items: center;\r\n    gap: 8px;\r\n    transition: transform 0.18s, box-shadow 0.18s;\r\n  }\r\n  .gfima-banner-ipc-cta:hover {\r\n    transform: translateY(-2px);\r\n    box-shadow: 0 6px 14px rgba(0, 0, 0, 0.15);\r\n    color: #1a3a5c !important;\r\n  }\r\n\r\n  \/* Responsive: en m\u00f3vil el bot\u00f3n pasa abajo del texto *\/\r\n  @media (max-width: 700px) {\r\n    .gfima-banner-ipc {\r\n      grid-template-columns: 1fr;\r\n      padding: 24px 22px;\r\n      gap: 18px;\r\n      text-align: center;\r\n    }\r\n    .gfima-banner-ipc h3 { font-size: 20px; }\r\n    .gfima-banner-ipc p { font-size: 14px; }\r\n    .gfima-banner-ipc-cta {\r\n      width: 100%;\r\n      justify-content: center;\r\n      padding: 14px 20px;\r\n    }\r\n  }\r\n<\/style>\r\n\r\n<div class=\"gfima-banner-ipc\">\r\n  <div>\r\n    <div class=\"gfima-banner-ipc-pill\">Calculadora gratuita<\/div>\r\n    <h3>\u00bfEres propietario? Calcula cu\u00e1nto puedes subir el alquiler en 2026<\/h3>\r\n    <p>El nuevo RDL 8\/2026 ha cambiado las reglas: ahora hay un tope del 2%. Calcula la subida exacta de tu vivienda seg\u00fan el IRAV o el IPC vigentes.<\/p>\r\n  <\/div>\r\n  <div>\r\n    <a href=\"https:\/\/www.gfima.es\/ipc\/\" class=\"gfima-banner-ipc-cta\">Calcular subida \u2192<\/a>\r\n  <\/div>\r\n<\/div>\t\t\t\t<\/div>\n\t\t\t\t<\/div>\n\t\t<div class=\"elementor-element elementor-element-57c54e2 e-con-full e-flex e-con e-child\" data-id=\"57c54e2\" data-element_type=\"container\" data-e-type=\"container\">\n\t\t\t\t<div class=\"elementor-element elementor-element-a38f96b elementor-grid-4 elementor-grid-tablet-2 elementor-grid-mobile-1 elementor-posts--thumbnail-top load-more-align-center elementor-widget elementor-widget-posts\" data-id=\"a38f96b\" data-element_type=\"widget\" data-e-type=\"widget\" data-settings=\"{&quot;classic_columns&quot;:&quot;4&quot;,&quot;pagination_type&quot;:&quot;load_more_on_click&quot;,&quot;classic_columns_tablet&quot;:&quot;2&quot;,&quot;classic_columns_mobile&quot;:&quot;1&quot;,&quot;classic_row_gap&quot;:{&quot;unit&quot;:&quot;px&quot;,&quot;size&quot;:35,&quot;sizes&quot;:[]},&quot;classic_row_gap_tablet&quot;:{&quot;unit&quot;:&quot;px&quot;,&quot;size&quot;:&quot;&quot;,&quot;sizes&quot;:[]},&quot;classic_row_gap_mobile&quot;:{&quot;unit&quot;:&quot;px&quot;,&quot;size&quot;:&quot;&quot;,&quot;sizes&quot;:[]},&quot;load_more_spinner&quot;:{&quot;value&quot;:&quot;fas fa-spinner&quot;,&quot;library&quot;:&quot;fa-solid&quot;}}\" data-widget_type=\"posts.classic\">\n\t\t\t\t<div class=\"elementor-widget-container\">\n\t\t\t\t\t\t\t<div class=\"elementor-posts-container elementor-posts elementor-posts--skin-classic elementor-grid\" role=\"list\">\n\t\t\t\t<article class=\"elementor-post elementor-grid-item post-5432 post type-post status-publish format-standard has-post-thumbnail hentry category-actualidad category-alquileres category-inmobiliario category-sin-categoria tag-actualizacion-renta tag-alquiler tag-casas tag-ciudad-real tag-ipc tag-irav tag-lau tag-ley-12-2023 tag-ley-de-vivienda tag-pisos tag-propietarios tag-rdl-8-2026 tag-tomelloso tag-vivienda\" role=\"listitem\">\n\t\t\t\t<a class=\"elementor-post__thumbnail__link\" href=\"https:\/\/www.gfima.es\/?p=5432\" tabindex=\"-1\" >\n\t\t\t<div class=\"elementor-post__thumbnail\"><img fetchpriority=\"high\" decoding=\"async\" width=\"300\" height=\"200\" src=\"https:\/\/www.gfima.es\/wp-content\/uploads\/2026\/04\/IPC-2026-300x200.png\" class=\"attachment-medium size-medium wp-image-5436\" alt=\"\" srcset=\"https:\/\/www.gfima.es\/wp-content\/uploads\/2026\/04\/IPC-2026-300x200.png 300w, https:\/\/www.gfima.es\/wp-content\/uploads\/2026\/04\/IPC-2026-1024x683.png 1024w, https:\/\/www.gfima.es\/wp-content\/uploads\/2026\/04\/IPC-2026-768x512.png 768w, https:\/\/www.gfima.es\/wp-content\/uploads\/2026\/04\/IPC-2026.png 1535w\" sizes=\"(max-width: 300px) 100vw, 300px\" \/><\/div>\n\t\t<\/a>\n\t\t\t\t<div class=\"elementor-post__text\">\n\t\t\t\t<h3 class=\"elementor-post__title\">\n\t\t\t<a href=\"https:\/\/www.gfima.es\/?p=5432\" >\n\t\t\t\tActualizaci\u00f3n de la renta del alquiler en 2026: gu\u00eda completa para propietarios\t\t\t<\/a>\n\t\t<\/h3>\n\t\t\n\t\t<a class=\"elementor-post__read-more\" href=\"https:\/\/www.gfima.es\/?p=5432\" aria-label=\"M\u00e1s informaci\u00f3n sobre Actualizaci\u00f3n de la renta del alquiler en 2026: gu\u00eda completa para propietarios\" tabindex=\"-1\" >\n\t\t\tLeer m\u00e1s \u00bb\t\t<\/a>\n\n\t\t\t\t<\/div>\n\t\t\t\t<\/article>\n\t\t\t\t<article class=\"elementor-post elementor-grid-item post-5395 post type-post status-publish format-standard has-post-thumbnail hentry category-actualidad category-alquileres category-sin-categoria tag-alquiler tag-casas tag-ciudad-real tag-comprar tag-pisos tag-tomelloso tag-vivienda\" role=\"listitem\">\n\t\t\t\t<a class=\"elementor-post__thumbnail__link\" href=\"https:\/\/www.gfima.es\/?p=5395\" tabindex=\"-1\" >\n\t\t\t<div class=\"elementor-post__thumbnail\"><img decoding=\"async\" width=\"300\" height=\"200\" src=\"https:\/\/www.gfima.es\/wp-content\/uploads\/2026\/02\/vivienda-ley-2026-300x200.png\" class=\"attachment-medium size-medium wp-image-5396\" alt=\"\" srcset=\"https:\/\/www.gfima.es\/wp-content\/uploads\/2026\/02\/vivienda-ley-2026-300x200.png 300w, https:\/\/www.gfima.es\/wp-content\/uploads\/2026\/02\/vivienda-ley-2026-1024x683.png 1024w, https:\/\/www.gfima.es\/wp-content\/uploads\/2026\/02\/vivienda-ley-2026-768x512.png 768w, https:\/\/www.gfima.es\/wp-content\/uploads\/2026\/02\/vivienda-ley-2026.png 1536w\" sizes=\"(max-width: 300px) 100vw, 300px\" \/><\/div>\n\t\t<\/a>\n\t\t\t\t<div class=\"elementor-post__text\">\n\t\t\t\t<h3 class=\"elementor-post__title\">\n\t\t\t<a href=\"https:\/\/www.gfima.es\/?p=5395\" >\n\t\t\t\tNueva Ley de Vivienda: qu\u00e9 cambia realmente para propietarios, inversores y agencias inmobiliarias en 2026\t\t\t<\/a>\n\t\t<\/h3>\n\t\t\n\t\t<a class=\"elementor-post__read-more\" href=\"https:\/\/www.gfima.es\/?p=5395\" aria-label=\"M\u00e1s informaci\u00f3n sobre Nueva Ley de Vivienda: qu\u00e9 cambia realmente para propietarios, inversores y agencias inmobiliarias en 2026\" tabindex=\"-1\" >\n\t\t\tLeer m\u00e1s \u00bb\t\t<\/a>\n\n\t\t\t\t<\/div>\n\t\t\t\t<\/article>\n\t\t\t\t<article class=\"elementor-post elementor-grid-item post-5391 post type-post status-publish format-standard has-post-thumbnail hentry category-alquileres category-fiscalidad category-sin-categoria tag-alquiler tag-casas tag-ciudad-real tag-impuestos tag-pisos tag-tomelloso\" role=\"listitem\">\n\t\t\t\t<a class=\"elementor-post__thumbnail__link\" href=\"https:\/\/www.gfima.es\/?p=5391\" tabindex=\"-1\" >\n\t\t\t<div class=\"elementor-post__thumbnail\"><img decoding=\"async\" width=\"300\" height=\"200\" src=\"https:\/\/www.gfima.es\/wp-content\/uploads\/2026\/02\/115-2-300x200.png\" class=\"attachment-medium size-medium wp-image-5394\" alt=\"\" srcset=\"https:\/\/www.gfima.es\/wp-content\/uploads\/2026\/02\/115-2-300x200.png 300w, https:\/\/www.gfima.es\/wp-content\/uploads\/2026\/02\/115-2-1024x683.png 1024w, https:\/\/www.gfima.es\/wp-content\/uploads\/2026\/02\/115-2-768x512.png 768w, https:\/\/www.gfima.es\/wp-content\/uploads\/2026\/02\/115-2.png 1536w\" sizes=\"(max-width: 300px) 100vw, 300px\" \/><\/div>\n\t\t<\/a>\n\t\t\t\t<div class=\"elementor-post__text\">\n\t\t\t\t<h3 class=\"elementor-post__title\">\n\t\t\t<a href=\"https:\/\/www.gfima.es\/?p=5391\" >\n\t\t\t\tModelo 115 y alquileres: lo que todo propietario debe saber para evitar sustos con Hacienda\t\t\t<\/a>\n\t\t<\/h3>\n\t\t\n\t\t<a class=\"elementor-post__read-more\" href=\"https:\/\/www.gfima.es\/?p=5391\" aria-label=\"M\u00e1s informaci\u00f3n sobre Modelo 115 y alquileres: lo que todo propietario debe saber para evitar sustos con Hacienda\" tabindex=\"-1\" >\n\t\t\tLeer m\u00e1s \u00bb\t\t<\/a>\n\n\t\t\t\t<\/div>\n\t\t\t\t<\/article>\n\t\t\t\t<article class=\"elementor-post elementor-grid-item post-4244 post type-post status-publish format-standard has-post-thumbnail hentry category-alquileres category-fiscalidad category-inmobiliario category-sin-categoria tag-alquiler tag-ciudad-real tag-garaje tag-gfima tag-impuestos tag-tomelloso\" role=\"listitem\">\n\t\t\t\t<a class=\"elementor-post__thumbnail__link\" href=\"https:\/\/www.gfima.es\/?p=4244\" tabindex=\"-1\" >\n\t\t\t<div class=\"elementor-post__thumbnail\"><img loading=\"lazy\" decoding=\"async\" width=\"200\" height=\"300\" src=\"https:\/\/www.gfima.es\/wp-content\/uploads\/2025\/06\/Garaje-200x300.png\" class=\"attachment-medium size-medium wp-image-4245\" alt=\"\" srcset=\"https:\/\/www.gfima.es\/wp-content\/uploads\/2025\/06\/Garaje-200x300.png 200w, https:\/\/www.gfima.es\/wp-content\/uploads\/2025\/06\/Garaje-683x1024.png 683w, https:\/\/www.gfima.es\/wp-content\/uploads\/2025\/06\/Garaje-768x1152.png 768w, https:\/\/www.gfima.es\/wp-content\/uploads\/2025\/06\/Garaje.png 1024w\" sizes=\"(max-width: 200px) 100vw, 200px\" \/><\/div>\n\t\t<\/a>\n\t\t\t\t<div class=\"elementor-post__text\">\n\t\t\t\t<h3 class=\"elementor-post__title\">\n\t\t\t<a href=\"https:\/\/www.gfima.es\/?p=4244\" >\n\t\t\t\t\u00bfAlquilas una plaza de garaje entre particulares? \u00a1Ojo con el IVA!\t\t\t<\/a>\n\t\t<\/h3>\n\t\t\n\t\t<a class=\"elementor-post__read-more\" href=\"https:\/\/www.gfima.es\/?p=4244\" aria-label=\"M\u00e1s informaci\u00f3n sobre \u00bfAlquilas una plaza de garaje entre particulares? \u00a1Ojo con el IVA!\" tabindex=\"-1\" >\n\t\t\tLeer m\u00e1s \u00bb\t\t<\/a>\n\n\t\t\t\t<\/div>\n\t\t\t\t<\/article>\n\t\t\t\t<\/div>\n\t\t\t\t\t<span class=\"e-load-more-spinner\">\n\t\t\t\t<i aria-hidden=\"true\" class=\"fas fa-spinner\"><\/i>\t\t\t<\/span>\n\t\t\n\t\t\t\t<div class=\"e-load-more-anchor\" data-page=\"1\" data-max-page=\"3\" data-next-page=\"https:\/\/www.gfima.es\/index.php?rest_route=%2Fwp%2Fv2%2Fpages%2F229&#038;paged=2\"><\/div>\n\t\t\t\t<div class=\"elementor-button-wrapper\">\n\t\t\t<a class=\"elementor-button elementor-size-sm\" role=\"button\">\n\t\t\t\t\t\t<span class=\"elementor-button-content-wrapper\">\n\t\t\t\t\t\t\t\t\t<span class=\"elementor-button-text\">Cargar m\u00e1s<\/span>\n\t\t\t\t\t<\/span>\n\t\t\t\t\t<\/a>\n\t\t<\/div>\n\t\t\t\t<div class=\"e-load-more-message\"><\/div>\n\t\t\t\t\t\t<\/div>\n\t\t\t\t<\/div>\n\t\t\t\t<\/div>\n\t\t\t\t\t<\/div>\n\t\t\t\t<\/div>\n\t\t<div class=\"elementor-element elementor-element-bece406 e-flex e-con-boxed e-con e-parent\" data-id=\"bece406\" data-element_type=\"container\" data-e-type=\"container\">\n\t\t\t\t\t<div class=\"e-con-inner\">\n\t\t\t\t<div class=\"elementor-element elementor-element-c1170dc elementor-widget elementor-widget-text-editor\" data-id=\"c1170dc\" data-element_type=\"widget\" data-e-type=\"widget\" data-widget_type=\"text-editor.default\">\n\t\t\t\t<div class=\"elementor-widget-container\">\n\t\t\t\t\t\t\t\t\t<p>[BAlquiler KUBE]<\/p>\t\t\t\t\t\t\t\t<\/div>\n\t\t\t\t<\/div>\n\t\t\t\t\t<\/div>\n\t\t\t\t<\/div>\n\t\t<div class=\"elementor-element elementor-element-7f4779f e-flex e-con-boxed e-con e-parent\" data-id=\"7f4779f\" data-element_type=\"container\" data-e-type=\"container\">\n\t\t\t\t\t<div class=\"e-con-inner\">\n\t\t\t\t<div class=\"elementor-element elementor-element-5e7e5d2 elementor-widget elementor-widget-text-editor\" data-id=\"5e7e5d2\" data-element_type=\"widget\" data-e-type=\"widget\" data-widget_type=\"text-editor.default\">\n\t\t\t\t<div class=\"elementor-widget-container\">\n\t\t\t\t\t\t\t\t\t<p>[LAlquiler KUBE]<\/p>\t\t\t\t\t\t\t\t<\/div>\n\t\t\t\t<\/div>\n\t\t\t\t\t<\/div>\n\t\t\t\t<\/div>\n\t\t\t\t<\/div>\n\t\t","protected":false},"excerpt":{"rendered":"<p>Tu tranquilidad y rentabilidad est\u00e1n seguras en nuestras manos En Gfima ofrecemos un servicio integral de alquiler en Ciudad Real,<\/p>\n","protected":false},"author":3,"featured_media":0,"parent":0,"menu_order":0,"comment_status":"closed","ping_status":"closed","template":"","meta":{"site-sidebar-layout":"no-sidebar","site-content-layout":"page-builder","ast-site-content-layout":"default","site-content-style":"default","site-sidebar-style":"default","ast-global-header-display":"","ast-banner-title-visibility":"","ast-main-header-display":"","ast-hfb-above-header-display":"","ast-hfb-below-header-display":"","ast-hfb-mobile-header-display":"","site-post-title":"disabled","ast-breadcrumbs-content":"","ast-featured-img":"disabled","footer-sml-layout":"","ast-disable-related-posts":"","theme-transparent-header-meta":"","adv-header-id-meta":"","stick-header-meta":"","header-above-stick-meta":"","header-main-stick-meta":"","header-below-stick-meta":"","astra-migrate-meta-layouts":"default","ast-page-background-enabled":"default","ast-page-background-meta":{"desktop":{"background-color":"var(--ast-global-color-4)","background-image":"","background-repeat":"repeat","background-position":"center center","background-size":"auto","background-attachment":"scroll","background-type":"","background-media":"","overlay-type":"","overlay-color":"","overlay-opacity":"","overlay-gradient":""},"tablet":{"background-color":"","background-image":"","background-repeat":"repeat","background-position":"center center","background-size":"auto","background-attachment":"scroll","background-type":"","background-media":"","overlay-type":"","overlay-color":"","overlay-opacity":"","overlay-gradient":""},"mobile":{"background-color":"","background-image":"","background-repeat":"repeat","background-position":"center center","background-size":"auto","background-attachment":"scroll","background-type":"","background-media":"","overlay-type":"","overlay-color":"","overlay-opacity":"","overlay-gradient":""}},"ast-content-background-meta":{"desktop":{"background-color":"var(--ast-global-color-5)","background-image":"","background-repeat":"repeat","background-position":"center center","background-size":"auto","background-attachment":"scroll","background-type":"","background-media":"","overlay-type":"","overlay-color":"","overlay-opacity":"","overlay-gradient":""},"tablet":{"background-color":"var(--ast-global-color-5)","background-image":"","background-repeat":"repeat","background-position":"center center","background-size":"auto","background-attachment":"scroll","background-type":"","background-media":"","overlay-type":"","overlay-color":"","overlay-opacity":"","overlay-gradient":""},"mobile":{"background-color":"var(--ast-global-color-5)","background-image":"","background-repeat":"repeat","background-position":"center center","background-size":"auto","background-attachment":"scroll","background-type":"","background-media":"","overlay-type":"","overlay-color":"","overlay-opacity":"","overlay-gradient":""}},"_joinchat":[],"footnotes":""},"class_list":["post-229","page","type-page","status-publish","hentry"],"yoast_head":"<!-- This site is optimized with the Yoast SEO plugin v27.5 - https:\/\/yoast.com\/product\/yoast-seo-wordpress\/ -->\n<title>Propiedades en alquiler - Gfima<\/title>\n<meta name=\"robots\" content=\"index, follow, max-snippet:-1, max-image-preview:large, max-video-preview:-1\" \/>\n<link rel=\"canonical\" href=\"https:\/\/www.gfima.es\/?page_id=229\" \/>\n<meta property=\"og:locale\" content=\"es_ES\" \/>\n<meta property=\"og:type\" content=\"article\" \/>\n<meta property=\"og:title\" content=\"Propiedades en alquiler - Gfima\" \/>\n<meta property=\"og:description\" content=\"Tu tranquilidad y rentabilidad est\u00e1n seguras en nuestras manos En Gfima ofrecemos un servicio integral de alquiler en Ciudad Real,\" \/>\n<meta property=\"og:url\" content=\"https:\/\/www.gfima.es\/?page_id=229\" \/>\n<meta property=\"og:site_name\" content=\"Gfima\" \/>\n<meta property=\"article:publisher\" content=\"https:\/\/www.facebook.com\/GfimaInmobiliaria\" \/>\n<meta property=\"article:modified_time\" content=\"2026-04-28T09:35:11+00:00\" \/>\n<meta name=\"twitter:card\" content=\"summary_large_image\" \/>\n<meta name=\"twitter:label1\" content=\"Tiempo de lectura\" \/>\n\t<meta name=\"twitter:data1\" content=\"2 minutos\" \/>\n<script type=\"application\/ld+json\" class=\"yoast-schema-graph\">{\"@context\":\"https:\\\/\\\/schema.org\",\"@graph\":[{\"@type\":\"WebPage\",\"@id\":\"https:\\\/\\\/www.gfima.es\\\/?page_id=229\",\"url\":\"https:\\\/\\\/www.gfima.es\\\/?page_id=229\",\"name\":\"Propiedades en alquiler - Gfima\",\"isPartOf\":{\"@id\":\"https:\\\/\\\/www.gfima.es\\\/#website\"},\"datePublished\":\"2023-04-19T11:49:30+00:00\",\"dateModified\":\"2026-04-28T09:35:11+00:00\",\"breadcrumb\":{\"@id\":\"https:\\\/\\\/www.gfima.es\\\/?page_id=229#breadcrumb\"},\"inLanguage\":\"es\",\"potentialAction\":[{\"@type\":\"ReadAction\",\"target\":[\"https:\\\/\\\/www.gfima.es\\\/?page_id=229\"]}]},{\"@type\":\"BreadcrumbList\",\"@id\":\"https:\\\/\\\/www.gfima.es\\\/?page_id=229#breadcrumb\",\"itemListElement\":[{\"@type\":\"ListItem\",\"position\":1,\"name\":\"Portada\",\"item\":\"https:\\\/\\\/www.gfima.es\\\/\"},{\"@type\":\"ListItem\",\"position\":2,\"name\":\"Propiedades en alquiler\"}]},{\"@type\":\"WebSite\",\"@id\":\"https:\\\/\\\/www.gfima.es\\\/#website\",\"url\":\"https:\\\/\\\/www.gfima.es\\\/\",\"name\":\"Gfima\",\"description\":\"Agencia inmobiliaria\",\"publisher\":{\"@id\":\"https:\\\/\\\/www.gfima.es\\\/#organization\"},\"potentialAction\":[{\"@type\":\"SearchAction\",\"target\":{\"@type\":\"EntryPoint\",\"urlTemplate\":\"https:\\\/\\\/www.gfima.es\\\/?s={search_term_string}\"},\"query-input\":{\"@type\":\"PropertyValueSpecification\",\"valueRequired\":true,\"valueName\":\"search_term_string\"}}],\"inLanguage\":\"es\"},{\"@type\":\"Organization\",\"@id\":\"https:\\\/\\\/www.gfima.es\\\/#organization\",\"name\":\"Gfima inmobiliaria\",\"url\":\"https:\\\/\\\/www.gfima.es\\\/\",\"logo\":{\"@type\":\"ImageObject\",\"inLanguage\":\"es\",\"@id\":\"https:\\\/\\\/www.gfima.es\\\/#\\\/schema\\\/logo\\\/image\\\/\",\"url\":\"https:\\\/\\\/www.gfima.es\\\/wp-content\\\/uploads\\\/2023\\\/04\\\/LogoGfima.png\",\"contentUrl\":\"https:\\\/\\\/www.gfima.es\\\/wp-content\\\/uploads\\\/2023\\\/04\\\/LogoGfima.png\",\"width\":1630,\"height\":925,\"caption\":\"Gfima inmobiliaria\"},\"image\":{\"@id\":\"https:\\\/\\\/www.gfima.es\\\/#\\\/schema\\\/logo\\\/image\\\/\"},\"sameAs\":[\"https:\\\/\\\/www.facebook.com\\\/GfimaInmobiliaria\",\"https:\\\/\\\/www.instagram.com\\\/gfima_inmobiliaria\"]}]}<\/script>\n<!-- \/ Yoast SEO plugin. -->","yoast_head_json":{"title":"Propiedades en alquiler - Gfima","robots":{"index":"index","follow":"follow","max-snippet":"max-snippet:-1","max-image-preview":"max-image-preview:large","max-video-preview":"max-video-preview:-1"},"canonical":"https:\/\/www.gfima.es\/?page_id=229","og_locale":"es_ES","og_type":"article","og_title":"Propiedades en alquiler - Gfima","og_description":"Tu tranquilidad y rentabilidad est\u00e1n seguras en nuestras manos En Gfima ofrecemos un servicio integral de alquiler en Ciudad Real,","og_url":"https:\/\/www.gfima.es\/?page_id=229","og_site_name":"Gfima","article_publisher":"https:\/\/www.facebook.com\/GfimaInmobiliaria","article_modified_time":"2026-04-28T09:35:11+00:00","twitter_card":"summary_large_image","twitter_misc":{"Tiempo de lectura":"2 minutos"},"schema":{"@context":"https:\/\/schema.org","@graph":[{"@type":"WebPage","@id":"https:\/\/www.gfima.es\/?page_id=229","url":"https:\/\/www.gfima.es\/?page_id=229","name":"Propiedades en alquiler - Gfima","isPartOf":{"@id":"https:\/\/www.gfima.es\/#website"},"datePublished":"2023-04-19T11:49:30+00:00","dateModified":"2026-04-28T09:35:11+00:00","breadcrumb":{"@id":"https:\/\/www.gfima.es\/?page_id=229#breadcrumb"},"inLanguage":"es","potentialAction":[{"@type":"ReadAction","target":["https:\/\/www.gfima.es\/?page_id=229"]}]},{"@type":"BreadcrumbList","@id":"https:\/\/www.gfima.es\/?page_id=229#breadcrumb","itemListElement":[{"@type":"ListItem","position":1,"name":"Portada","item":"https:\/\/www.gfima.es\/"},{"@type":"ListItem","position":2,"name":"Propiedades en alquiler"}]},{"@type":"WebSite","@id":"https:\/\/www.gfima.es\/#website","url":"https:\/\/www.gfima.es\/","name":"Gfima","description":"Agencia inmobiliaria","publisher":{"@id":"https:\/\/www.gfima.es\/#organization"},"potentialAction":[{"@type":"SearchAction","target":{"@type":"EntryPoint","urlTemplate":"https:\/\/www.gfima.es\/?s={search_term_string}"},"query-input":{"@type":"PropertyValueSpecification","valueRequired":true,"valueName":"search_term_string"}}],"inLanguage":"es"},{"@type":"Organization","@id":"https:\/\/www.gfima.es\/#organization","name":"Gfima inmobiliaria","url":"https:\/\/www.gfima.es\/","logo":{"@type":"ImageObject","inLanguage":"es","@id":"https:\/\/www.gfima.es\/#\/schema\/logo\/image\/","url":"https:\/\/www.gfima.es\/wp-content\/uploads\/2023\/04\/LogoGfima.png","contentUrl":"https:\/\/www.gfima.es\/wp-content\/uploads\/2023\/04\/LogoGfima.png","width":1630,"height":925,"caption":"Gfima inmobiliaria"},"image":{"@id":"https:\/\/www.gfima.es\/#\/schema\/logo\/image\/"},"sameAs":["https:\/\/www.facebook.com\/GfimaInmobiliaria","https:\/\/www.instagram.com\/gfima_inmobiliaria"]}]}},"_links":{"self":[{"href":"https:\/\/www.gfima.es\/index.php?rest_route=\/wp\/v2\/pages\/229","targetHints":{"allow":["GET"]}}],"collection":[{"href":"https:\/\/www.gfima.es\/index.php?rest_route=\/wp\/v2\/pages"}],"about":[{"href":"https:\/\/www.gfima.es\/index.php?rest_route=\/wp\/v2\/types\/page"}],"author":[{"embeddable":true,"href":"https:\/\/www.gfima.es\/index.php?rest_route=\/wp\/v2\/users\/3"}],"replies":[{"embeddable":true,"href":"https:\/\/www.gfima.es\/index.php?rest_route=%2Fwp%2Fv2%2Fcomments&post=229"}],"version-history":[{"count":98,"href":"https:\/\/www.gfima.es\/index.php?rest_route=\/wp\/v2\/pages\/229\/revisions"}],"predecessor-version":[{"id":5475,"href":"https:\/\/www.gfima.es\/index.php?rest_route=\/wp\/v2\/pages\/229\/revisions\/5475"}],"wp:attachment":[{"href":"https:\/\/www.gfima.es\/index.php?rest_route=%2Fwp%2Fv2%2Fmedia&parent=229"}],"curies":[{"name":"wp","href":"https:\/\/api.w.org\/{rel}","templated":true}]}}