{"id":20,"date":"2022-02-16T11:20:10","date_gmt":"2022-02-16T10:20:10","guid":{"rendered":"https:\/\/gfima.es\/?page_id=20"},"modified":"2023-09-15T09:15:41","modified_gmt":"2023-09-15T07:15:41","slug":"politica-de-privacidad","status":"publish","type":"page","link":"https:\/\/www.gfima.es\/?page_id=20","title":{"rendered":"Pol\u00edtica de privacidad"},"content":{"rendered":"\t\t<div data-elementor-type=\"wp-page\" data-elementor-id=\"20\" class=\"elementor elementor-20\" data-elementor-post-type=\"page\">\n\t\t\t\t<div class=\"elementor-element elementor-element-057b8b1 e-con-full e-flex e-con e-parent\" data-id=\"057b8b1\" data-element_type=\"container\" data-e-type=\"container\" data-settings=\"{&quot;background_background&quot;:&quot;classic&quot;}\">\n\t\t<div class=\"elementor-element elementor-element-18021da e-con-full e-flex e-con e-child\" data-id=\"18021da\" data-element_type=\"container\" data-e-type=\"container\">\n\t\t\t\t<div class=\"elementor-element elementor-element-99026b0 elementor-widget elementor-widget-heading\" data-id=\"99026b0\" data-element_type=\"widget\" data-e-type=\"widget\" data-widget_type=\"heading.default\">\n\t\t\t\t<div class=\"elementor-widget-container\">\n\t\t\t\t\t<h2 class=\"elementor-heading-title elementor-size-default\">POL\u00cdTICA DE PRIVACIDAD<\/h2>\t\t\t\t<\/div>\n\t\t\t\t<\/div>\n\t\t\t\t<\/div>\n\t\t\t\t<\/div>\n\t\t<div class=\"elementor-element elementor-element-94dc442 e-flex e-con-boxed e-con e-parent\" data-id=\"94dc442\" data-element_type=\"container\" data-e-type=\"container\">\n\t\t\t\t\t<div class=\"e-con-inner\">\n\t\t\t\t<div class=\"elementor-element elementor-element-13db62d elementor-widget elementor-widget-spacer\" data-id=\"13db62d\" data-element_type=\"widget\" data-e-type=\"widget\" data-widget_type=\"spacer.default\">\n\t\t\t\t<div class=\"elementor-widget-container\">\n\t\t\t\t\t\t\t<div class=\"elementor-spacer\">\n\t\t\t<div class=\"elementor-spacer-inner\"><\/div>\n\t\t<\/div>\n\t\t\t\t\t\t<\/div>\n\t\t\t\t<\/div>\n\t\t\t\t\t<\/div>\n\t\t\t\t<\/div>\n\t\t<div class=\"elementor-element elementor-element-0f7628c e-flex e-con-boxed e-con e-parent\" data-id=\"0f7628c\" data-element_type=\"container\" data-e-type=\"container\">\n\t\t\t\t\t<div class=\"e-con-inner\">\n\t\t\t\t<div class=\"elementor-element elementor-element-77fcbff elementor-widget elementor-widget-text-editor\" data-id=\"77fcbff\" data-element_type=\"widget\" data-e-type=\"widget\" data-widget_type=\"text-editor.default\">\n\t\t\t\t<div class=\"elementor-widget-container\">\n\t\t\t\t\t\t\t\t\t<div class=\"rpgdPrivacid\"><p><b>Responsable:<\/b>\u00a0Gestiones Financieras Manchegas, S.L.<\/p><p><b>Finalidad:<\/b>\u00a0Gesti\u00f3n de las solicitudes de informaci\u00f3n a trav\u00e9s de la p\u00e1gina web con la finalidad de prestarles servicios profesionales inmobiliarios y as\u00ed facilitarles informaci\u00f3n sobre lo que solicite.<\/p><p><b>Legitimaci\u00f3n:<\/b>\u00a0La legitimaci\u00f3n se basa en el consentimiento que usted nos otorga al clicar el bot\u00f3n \u00abAcepto la pol\u00edtica de protecci\u00f3n de datos\u00bb.<\/p><p><b>Destinatarios:<\/b>\u00a0Sus datos no se ceder\u00e1n a nadie, salvo obligaci\u00f3n legal.<\/p><p><b>Derechos:<\/b>\u00a0Podr\u00e1 ejercitar los derechos de acceso, rectificaci\u00f3n, supresi\u00f3n, oposici\u00f3n, portabilidad y retirada de consentimiento de sus datos personales en la direcci\u00f3n de correo electr\u00f3nico inmobiliaria@gfima.com<\/p><\/div><p>La presente Pol\u00edtica de Privacidad regula el uso del servicio del portal de Internet con\u00a0<a href=\"https:\/\/gfima.es\/\">https:\/\/gfima.es\/<\/a>\u00a0cuyo responsable a efectos identificativos es:<br \/>\u2022\u00a0 Responsable: Gestiones financieras Manchegas S.L.<br \/>\u2022\u00a0 CIF: B13429451<br \/>\u2022\u00a0 Direcci\u00f3n: C\/ Don V\u00edctor Pe\u00f1asco, 126, Tomelloso, 13700, Ciudad Real.<br \/>\u2022\u00a0 Tel\u00e9fono: (+34) 926.70.90.80<br \/>\u2022\u00a0 Mail: inmobiliaria@gfima.com<br \/><br \/>\u00a0<\/p><div><strong>Finalidad, \u00bfPara qu\u00e9 tratamos sus datos?<\/strong><\/div><div>A efecto de lo previsto en RGPD de 27 de abril de 2016, y la LO 3\/2018, trataremos los datos que recojamos para las siguientes finalidades:<br \/>\u2022\u00a0 Contactar con usted en caso de que as\u00ed nos lo pida.<br \/>\u2022\u00a0 Gestionar su navegaci\u00f3n en la web, en su caso.<br \/>\u00a0<br \/>Para ello el usuario dispondr\u00e1 de un formulario de registro cuya cumplimentaci\u00f3n legitimar\u00e1 al interesado al acceso y disfrute de determinados servicios ofrecidos en la web.<br \/>\u00a0<br \/>No obstante, se informa al usuario que en todo formulario de contacto el mismo ser\u00e1 informado del uso que se har\u00e1 de los datos obtenidos y, si son utilizados para un fin distinto, dicho consentimiento se obtendr\u00e1 previamente y de manera expresa.<br \/>\u00a0<br \/>Si el consentimiento del interesado se da en el contexto de una declaraci\u00f3n escrita que tambi\u00e9n se refiera a otros asuntos, la solicitud de consentimiento se presentar\u00e1 de tal forma que se distinga claramente de los dem\u00e1s asuntos, de forma inteligible y de f\u00e1cil acceso y utilizando un lenguaje claro y sencillo, de conformidad con el art\u00edculo 7.2 del RGPD de 27 de abril de 2016.<br \/>\u00a0<br \/>\u00a0<\/div><div><strong>Legitimaci\u00f3n, \u00bfCu\u00e1l es la legitimaci\u00f3n para el tratamiento de sus datos?<\/strong><\/div><p>\u00a0La base legal para el tratamiento de sus datos se basar\u00e1 en:<\/p><ul><li>El consentimiento del interesado, para el tratamiento de sus datos, conforme el art\u00edculo 6. 1. a) del Reglamento General Europeo de Protecci\u00f3n de Datos. En dicho caso se recaba el consentimiento y el acuerdo celebrado con los interesados a trav\u00e9s del formulario de contacto, habilitado el usuario la casilla\u00a0<em><u>\u201cAcepto la Pol\u00edtica de Privacidad\u201d.<\/u><\/em><\/li><li>La necesaria ejecuci\u00f3n de un contrato en el que el interesado es parte o para la aplicaci\u00f3n a petici\u00f3n de este de medidas precontractuales, conforme el art\u00edculo 6. 1. b) del Reglamento General Europeo de Protecci\u00f3n de Datos.<\/li><\/ul><div><br \/><strong>Destinatarios \u00bfA qui\u00e9n comunicamos tus datos?<\/strong><br \/>\u00a0Los datos personales no ser\u00e1n objeto de cesi\u00f3n salvo en el cumplimiento de obligaciones legalmente establecidas o para dar soporte a los servicios vinculados a este tratamiento.<\/div><div><br \/><br \/><strong>Conservaci\u00f3n, \u00bfDurante cu\u00e1nto tiempo conservamos tus datos?<\/strong><\/div><p>\u00a0Conservaremos sus datos de car\u00e1cter personal durante al menos 5 a\u00f1os en caso de que sea cliente y para el estricto cumplimiento de las obligaciones legales establecidas en la normativa.<br \/>\u00a0<br \/>En caso de no ser cliente conservaremos sus datos el m\u00ednimo tiempo indispensable para gestionar nuestra relaci\u00f3n.<br \/><br \/>\u00a0<\/p><div><strong>Derechos, \u00bfCu\u00e1les son tus derechos cuando nos facilitas tus datos?<\/strong><\/div><p>\u00a0Cualquier persona tiene derecho a obtener confirmaci\u00f3n sobre si la empresa est\u00e1 tratando datos personales que le conciernan.<br \/>\u00a0<br \/>Las personas interesadas tienen derecho a poder acceder a sus datos personales, as\u00ed como a solicitar la rectificaci\u00f3n de los datos inexactos o, en su caso, solicitar su supresi\u00f3n cuando, entre otros motivos, los datos ya no sean necesarios para los fines que fueron recogidos.<br \/>\u00a0<br \/>En determinadas circunstancias, las personas interesadas podr\u00e1n solicitar la limitaci\u00f3n del tratamiento de sus datos, en cuyo caso \u00fanicamente los conservaremos para el ejercicio o la defensa de reclamaciones.<br \/>\u00a0<br \/>En determinadas circunstancias y por motivos relacionados con su situaci\u00f3n particular, las personas interesadas podr\u00e1n oponerse al tratamiento de sus datos. En tal caso, dejar\u00e1n de tratarse los datos, salvo por motivos leg\u00edtimos o el ejercicio o la defensa de posibles reclamaciones.<br \/>\u00a0<br \/>Las personas interesadas podr\u00e1n solicitar la portabilidad de los datos para obtener los datos que han proporcionado en un formato estructurado, de uso com\u00fan y de lectura mec\u00e1nica, para ser descargados por s\u00ed mismos o transmitidos a otra entidad.<br \/>\u00a0<br \/>La persona interesada puede ejercitar sus derechos dirigiendo un correo electr\u00f3nico a la direcci\u00f3n de correo electr\u00f3nico inmobiliaria@gfima.com, o en su caso a la direcci\u00f3n f\u00edsica C\/ Don V\u00edctor Pe\u00f1asco, 126, Tomelloso, 13700, Ciudad Real.<br \/>\u00a0<br \/>Estos derechos podr\u00e1n ser ejercidos mediante comunicaci\u00f3n escrita, especificando:<br \/>\u00a0<\/p><ul><li>Nombre, Apellidos y copia del DNI del solicitante.<\/li><li>Nombre, Apellidos y copia del DNI del representante, en el caso de que el procedimiento se realice mediante uno.<\/li><li>Relaci\u00f3n de motivos razonada por la que se lleva a cabo la reclamaci\u00f3n.<\/li><li>Domicilio a efecto de notificaciones.<\/li><li>Fecha y firma del solicitante.<\/li><li>Cualquier otro documento que complemente la solicitud<\/li><\/ul><p>\u00a0<\/p><div><strong>Consentimientos menores, \u00bfQu\u00e9 pasa si eres menor de edad?<\/strong><\/div><p>\u00a0<br \/>En el supuesto que algunos de nuestros servicios vayan dirigidos espec\u00edficamente a menores de catorce a\u00f1os, solicitaremos la conformidad de los padres o tutores para la recogida de los datos personales o, en su caso, para el tratamiento automatizado de los datos conforme el art\u00edculo 7 de la LOPDGDD.<\/p><div>\u00a0<br \/><br \/><strong>Exactitud, veracidad y seguridad de los datos, \u00bfC\u00f3mo tratamos tus datos?<\/strong><\/div><p>\u00a0<br \/>El Usuario es el \u00fanico responsable de la veracidad y correcci\u00f3n de los datos incluidos, exoner\u00e1ndonos de cualquier responsabilidad al respecto. Los usuarios garantizan y responden, en cualquier caso, de la exactitud, vigencia y autenticidad de los datos personales facilitados, y se comprometen a mantenerlos debidamente actualizados. El usuario acepta proporcionar informaci\u00f3n completa y correcta en los formularios de registro o suscripci\u00f3n. No responderemos de la veracidad de las informaciones que no sean de elaboraci\u00f3n propia y de las que se indique otra fuente, por lo que tampoco asume responsabilidad alguna en cuanto a hipot\u00e9ticos perjuicios que pudieran originarse por el uso de dicha informaci\u00f3n.<br \/>\u00a0<br \/>Tambi\u00e9n reservaremos el derecho a actualizar, modificar o eliminar la informaci\u00f3n contenida en la web pudiendo incluso limitar o no permitir el acceso a dicha informaci\u00f3n.<br \/>No seremos responsables ante cualquier da\u00f1o o perjuicio que pudiera sufrir el Usuario como consecuencia de errores, defectos u omisiones, en la informaci\u00f3n facilitada por el responsable siempre que proceda de fuentes ajenas.<br \/>\u00a0<br \/>Los datos ser\u00e1n tratados de forma confidencial y bajo el sometimiento a medidas t\u00e9cnicas y organizativas de seguridad adecuadas para evitar su alteraci\u00f3n, p\u00e9rdida, tratamiento o acceso no autorizado.<br \/>\u00a0<br \/>Podr\u00e1 presentar una reclamaci\u00f3n ante la Agencia Espa\u00f1ola de Protecci\u00f3n de Datos, especialmente cuando no haya obtenido satisfacci\u00f3n en el ejercicio de sus derechos, en la direcci\u00f3n postal y\/o electr\u00f3nica indicada en la p\u00e1gina www.aepd.es.<\/p>\t\t\t\t\t\t\t\t<\/div>\n\t\t\t\t<\/div>\n\t\t\t\t\t<\/div>\n\t\t\t\t<\/div>\n\t\t<div class=\"elementor-element elementor-element-a0ca007 e-flex e-con-boxed e-con e-parent\" data-id=\"a0ca007\" data-element_type=\"container\" data-e-type=\"container\">\n\t\t\t\t\t<div class=\"e-con-inner\">\n\t\t\t\t<div class=\"elementor-element elementor-element-7143ea1 elementor-widget elementor-widget-spacer\" data-id=\"7143ea1\" data-element_type=\"widget\" data-e-type=\"widget\" data-widget_type=\"spacer.default\">\n\t\t\t\t<div class=\"elementor-widget-container\">\n\t\t\t\t\t\t\t<div class=\"elementor-spacer\">\n\t\t\t<div class=\"elementor-spacer-inner\"><\/div>\n\t\t<\/div>\n\t\t\t\t\t\t<\/div>\n\t\t\t\t<\/div>\n\t\t\t\t\t<\/div>\n\t\t\t\t<\/div>\n\t\t\t\t<\/div>\n\t\t","protected":false},"excerpt":{"rendered":"<p>POL\u00cdTICA DE PRIVACIDAD Responsable:\u00a0Gestiones Financieras Manchegas, S.L. Finalidad:\u00a0Gesti\u00f3n de las solicitudes de informaci\u00f3n a trav\u00e9s de la p\u00e1gina web con la finalidad de prestarles servicios profesionales inmobiliarios y as\u00ed facilitarles informaci\u00f3n sobre lo que solicite. Legitimaci\u00f3n:\u00a0La legitimaci\u00f3n se basa en el consentimiento que usted nos otorga al clicar el bot\u00f3n \u00abAcepto la pol\u00edtica de protecci\u00f3n [&hellip;]<\/p>\n","protected":false},"author":3,"featured_media":0,"parent":0,"menu_order":0,"comment_status":"closed","ping_status":"closed","template":"","meta":{"site-sidebar-layout":"no-sidebar","site-content-layout":"page-builder","ast-site-content-layout":"default","site-content-style":"default","site-sidebar-style":"default","ast-global-header-display":"","ast-banner-title-visibility":"","ast-main-header-display":"","ast-hfb-above-header-display":"","ast-hfb-below-header-display":"","ast-hfb-mobile-header-display":"","site-post-title":"disabled","ast-breadcrumbs-content":"","ast-featured-img":"disabled","footer-sml-layout":"","ast-disable-related-posts":"","theme-transparent-header-meta":"","adv-header-id-meta":"","stick-header-meta":"","header-above-stick-meta":"","header-main-stick-meta":"","header-below-stick-meta":"","astra-migrate-meta-layouts":"default","ast-page-background-enabled":"default","ast-page-background-meta":{"desktop":{"background-color":"var(--ast-global-color-4)","background-image":"","background-repeat":"repeat","background-position":"center center","background-size":"auto","background-attachment":"scroll","background-type":"","background-media":"","overlay-type":"","overlay-color":"","overlay-opacity":"","overlay-gradient":""},"tablet":{"background-color":"","background-image":"","background-repeat":"repeat","background-position":"center center","background-size":"auto","background-attachment":"scroll","background-type":"","background-media":"","overlay-type":"","overlay-color":"","overlay-opacity":"","overlay-gradient":""},"mobile":{"background-color":"","background-image":"","background-repeat":"repeat","background-position":"center center","background-size":"auto","background-attachment":"scroll","background-type":"","background-media":"","overlay-type":"","overlay-color":"","overlay-opacity":"","overlay-gradient":""}},"ast-content-background-meta":{"desktop":{"background-color":"var(--ast-global-color-5)","background-image":"","background-repeat":"repeat","background-position":"center center","background-size":"auto","background-attachment":"scroll","background-type":"","background-media":"","overlay-type":"","overlay-color":"","overlay-opacity":"","overlay-gradient":""},"tablet":{"background-color":"var(--ast-global-color-5)","background-image":"","background-repeat":"repeat","background-position":"center center","background-size":"auto","background-attachment":"scroll","background-type":"","background-media":"","overlay-type":"","overlay-color":"","overlay-opacity":"","overlay-gradient":""},"mobile":{"background-color":"var(--ast-global-color-5)","background-image":"","background-repeat":"repeat","background-position":"center center","background-size":"auto","background-attachment":"scroll","background-type":"","background-media":"","overlay-type":"","overlay-color":"","overlay-opacity":"","overlay-gradient":""}},"_joinchat":[],"footnotes":""},"class_list":["post-20","page","type-page","status-publish","hentry"],"yoast_head":"<!-- This site is optimized with the Yoast SEO plugin v27.5 - https:\/\/yoast.com\/product\/yoast-seo-wordpress\/ -->\n<title>Pol\u00edtica de privacidad - Gfima<\/title>\n<meta name=\"robots\" content=\"index, follow, max-snippet:-1, max-image-preview:large, max-video-preview:-1\" \/>\n<link rel=\"canonical\" href=\"https:\/\/www.gfima.es\/?page_id=20\" \/>\n<meta property=\"og:locale\" content=\"es_ES\" \/>\n<meta property=\"og:type\" content=\"article\" \/>\n<meta property=\"og:title\" content=\"Pol\u00edtica de privacidad - Gfima\" \/>\n<meta property=\"og:description\" content=\"POL\u00cdTICA DE PRIVACIDAD Responsable:\u00a0Gestiones Financieras Manchegas, S.L. Finalidad:\u00a0Gesti\u00f3n de las solicitudes de informaci\u00f3n a trav\u00e9s de la p\u00e1gina web con la finalidad de prestarles servicios profesionales inmobiliarios y as\u00ed facilitarles informaci\u00f3n sobre lo que solicite. Legitimaci\u00f3n:\u00a0La legitimaci\u00f3n se basa en el consentimiento que usted nos otorga al clicar el bot\u00f3n \u00abAcepto la pol\u00edtica de protecci\u00f3n [&hellip;]\" \/>\n<meta property=\"og:url\" content=\"https:\/\/www.gfima.es\/?page_id=20\" \/>\n<meta property=\"og:site_name\" content=\"Gfima\" \/>\n<meta property=\"article:publisher\" content=\"https:\/\/www.facebook.com\/GfimaInmobiliaria\" \/>\n<meta property=\"article:modified_time\" content=\"2023-09-15T07:15:41+00:00\" \/>\n<meta name=\"twitter:card\" content=\"summary_large_image\" \/>\n<meta name=\"twitter:label1\" content=\"Tiempo de lectura\" \/>\n\t<meta name=\"twitter:data1\" content=\"6 minutos\" \/>\n<script type=\"application\/ld+json\" class=\"yoast-schema-graph\">{\"@context\":\"https:\\\/\\\/schema.org\",\"@graph\":[{\"@type\":\"WebPage\",\"@id\":\"https:\\\/\\\/www.gfima.es\\\/?page_id=20\",\"url\":\"https:\\\/\\\/www.gfima.es\\\/?page_id=20\",\"name\":\"Pol\u00edtica de privacidad - Gfima\",\"isPartOf\":{\"@id\":\"https:\\\/\\\/www.gfima.es\\\/#website\"},\"datePublished\":\"2022-02-16T10:20:10+00:00\",\"dateModified\":\"2023-09-15T07:15:41+00:00\",\"breadcrumb\":{\"@id\":\"https:\\\/\\\/www.gfima.es\\\/?page_id=20#breadcrumb\"},\"inLanguage\":\"es\",\"potentialAction\":[{\"@type\":\"ReadAction\",\"target\":[\"https:\\\/\\\/www.gfima.es\\\/?page_id=20\"]}]},{\"@type\":\"BreadcrumbList\",\"@id\":\"https:\\\/\\\/www.gfima.es\\\/?page_id=20#breadcrumb\",\"itemListElement\":[{\"@type\":\"ListItem\",\"position\":1,\"name\":\"Portada\",\"item\":\"https:\\\/\\\/www.gfima.es\\\/\"},{\"@type\":\"ListItem\",\"position\":2,\"name\":\"Pol\u00edtica de privacidad\"}]},{\"@type\":\"WebSite\",\"@id\":\"https:\\\/\\\/www.gfima.es\\\/#website\",\"url\":\"https:\\\/\\\/www.gfima.es\\\/\",\"name\":\"Gfima\",\"description\":\"Agencia inmobiliaria\",\"publisher\":{\"@id\":\"https:\\\/\\\/www.gfima.es\\\/#organization\"},\"potentialAction\":[{\"@type\":\"SearchAction\",\"target\":{\"@type\":\"EntryPoint\",\"urlTemplate\":\"https:\\\/\\\/www.gfima.es\\\/?s={search_term_string}\"},\"query-input\":{\"@type\":\"PropertyValueSpecification\",\"valueRequired\":true,\"valueName\":\"search_term_string\"}}],\"inLanguage\":\"es\"},{\"@type\":\"Organization\",\"@id\":\"https:\\\/\\\/www.gfima.es\\\/#organization\",\"name\":\"Gfima inmobiliaria\",\"url\":\"https:\\\/\\\/www.gfima.es\\\/\",\"logo\":{\"@type\":\"ImageObject\",\"inLanguage\":\"es\",\"@id\":\"https:\\\/\\\/www.gfima.es\\\/#\\\/schema\\\/logo\\\/image\\\/\",\"url\":\"https:\\\/\\\/www.gfima.es\\\/wp-content\\\/uploads\\\/2023\\\/04\\\/LogoGfima.png\",\"contentUrl\":\"https:\\\/\\\/www.gfima.es\\\/wp-content\\\/uploads\\\/2023\\\/04\\\/LogoGfima.png\",\"width\":1630,\"height\":925,\"caption\":\"Gfima inmobiliaria\"},\"image\":{\"@id\":\"https:\\\/\\\/www.gfima.es\\\/#\\\/schema\\\/logo\\\/image\\\/\"},\"sameAs\":[\"https:\\\/\\\/www.facebook.com\\\/GfimaInmobiliaria\",\"https:\\\/\\\/www.instagram.com\\\/gfima_inmobiliaria\"]}]}<\/script>\n<!-- \/ Yoast SEO plugin. -->","yoast_head_json":{"title":"Pol\u00edtica de privacidad - Gfima","robots":{"index":"index","follow":"follow","max-snippet":"max-snippet:-1","max-image-preview":"max-image-preview:large","max-video-preview":"max-video-preview:-1"},"canonical":"https:\/\/www.gfima.es\/?page_id=20","og_locale":"es_ES","og_type":"article","og_title":"Pol\u00edtica de privacidad - Gfima","og_description":"POL\u00cdTICA DE PRIVACIDAD Responsable:\u00a0Gestiones Financieras Manchegas, S.L. Finalidad:\u00a0Gesti\u00f3n de las solicitudes de informaci\u00f3n a trav\u00e9s de la p\u00e1gina web con la finalidad de prestarles servicios profesionales inmobiliarios y as\u00ed facilitarles informaci\u00f3n sobre lo que solicite. Legitimaci\u00f3n:\u00a0La legitimaci\u00f3n se basa en el consentimiento que usted nos otorga al clicar el bot\u00f3n \u00abAcepto la pol\u00edtica de protecci\u00f3n [&hellip;]","og_url":"https:\/\/www.gfima.es\/?page_id=20","og_site_name":"Gfima","article_publisher":"https:\/\/www.facebook.com\/GfimaInmobiliaria","article_modified_time":"2023-09-15T07:15:41+00:00","twitter_card":"summary_large_image","twitter_misc":{"Tiempo de lectura":"6 minutos"},"schema":{"@context":"https:\/\/schema.org","@graph":[{"@type":"WebPage","@id":"https:\/\/www.gfima.es\/?page_id=20","url":"https:\/\/www.gfima.es\/?page_id=20","name":"Pol\u00edtica de privacidad - Gfima","isPartOf":{"@id":"https:\/\/www.gfima.es\/#website"},"datePublished":"2022-02-16T10:20:10+00:00","dateModified":"2023-09-15T07:15:41+00:00","breadcrumb":{"@id":"https:\/\/www.gfima.es\/?page_id=20#breadcrumb"},"inLanguage":"es","potentialAction":[{"@type":"ReadAction","target":["https:\/\/www.gfima.es\/?page_id=20"]}]},{"@type":"BreadcrumbList","@id":"https:\/\/www.gfima.es\/?page_id=20#breadcrumb","itemListElement":[{"@type":"ListItem","position":1,"name":"Portada","item":"https:\/\/www.gfima.es\/"},{"@type":"ListItem","position":2,"name":"Pol\u00edtica de privacidad"}]},{"@type":"WebSite","@id":"https:\/\/www.gfima.es\/#website","url":"https:\/\/www.gfima.es\/","name":"Gfima","description":"Agencia inmobiliaria","publisher":{"@id":"https:\/\/www.gfima.es\/#organization"},"potentialAction":[{"@type":"SearchAction","target":{"@type":"EntryPoint","urlTemplate":"https:\/\/www.gfima.es\/?s={search_term_string}"},"query-input":{"@type":"PropertyValueSpecification","valueRequired":true,"valueName":"search_term_string"}}],"inLanguage":"es"},{"@type":"Organization","@id":"https:\/\/www.gfima.es\/#organization","name":"Gfima inmobiliaria","url":"https:\/\/www.gfima.es\/","logo":{"@type":"ImageObject","inLanguage":"es","@id":"https:\/\/www.gfima.es\/#\/schema\/logo\/image\/","url":"https:\/\/www.gfima.es\/wp-content\/uploads\/2023\/04\/LogoGfima.png","contentUrl":"https:\/\/www.gfima.es\/wp-content\/uploads\/2023\/04\/LogoGfima.png","width":1630,"height":925,"caption":"Gfima inmobiliaria"},"image":{"@id":"https:\/\/www.gfima.es\/#\/schema\/logo\/image\/"},"sameAs":["https:\/\/www.facebook.com\/GfimaInmobiliaria","https:\/\/www.instagram.com\/gfima_inmobiliaria"]}]}},"_links":{"self":[{"href":"https:\/\/www.gfima.es\/index.php?rest_route=\/wp\/v2\/pages\/20","targetHints":{"allow":["GET"]}}],"collection":[{"href":"https:\/\/www.gfima.es\/index.php?rest_route=\/wp\/v2\/pages"}],"about":[{"href":"https:\/\/www.gfima.es\/index.php?rest_route=\/wp\/v2\/types\/page"}],"author":[{"embeddable":true,"href":"https:\/\/www.gfima.es\/index.php?rest_route=\/wp\/v2\/users\/3"}],"replies":[{"embeddable":true,"href":"https:\/\/www.gfima.es\/index.php?rest_route=%2Fwp%2Fv2%2Fcomments&post=20"}],"version-history":[{"count":10,"href":"https:\/\/www.gfima.es\/index.php?rest_route=\/wp\/v2\/pages\/20\/revisions"}],"predecessor-version":[{"id":999,"href":"https:\/\/www.gfima.es\/index.php?rest_route=\/wp\/v2\/pages\/20\/revisions\/999"}],"wp:attachment":[{"href":"https:\/\/www.gfima.es\/index.php?rest_route=%2Fwp%2Fv2%2Fmedia&parent=20"}],"curies":[{"name":"wp","href":"https:\/\/api.w.org\/{rel}","templated":true}]}}